{"id":18,"date":"2015-01-19T15:17:01","date_gmt":"2015-01-19T15:17:01","guid":{"rendered":"http:\/\/abc-photoline.com\/com\/?page_id=18"},"modified":"2020-11-12T09:34:26","modified_gmt":"2020-11-12T08:34:26","slug":"referances","status":"publish","type":"page","link":"https:\/\/abc-photoline.com\/com\/referances","title":{"rendered":"R\u00e9f\u00e9rences"},"content":{"rendered":"<p style=\"text-align: center;\"><img loading=\"lazy\" decoding=\"async\" class=\"alignnone wp-image-216\" src=\"http:\/\/abc-photoline.com\/com\/wp-content\/uploads\/2015\/01\/20141031001656RTE_logo.png-300x193.jpeg\" alt=\"20141031001656!RTE_logo.png\" width=\"307\" height=\"198\" srcset=\"https:\/\/abc-photoline.com\/com\/wp-content\/uploads\/2015\/01\/20141031001656RTE_logo.png-300x193.jpeg 300w, https:\/\/abc-photoline.com\/com\/wp-content\/uploads\/2015\/01\/20141031001656RTE_logo.png.jpeg 435w\" sizes=\"auto, (max-width: 307px) 100vw, 307px\" \/> <img loading=\"lazy\" decoding=\"async\" class=\"alignnone size-medium wp-image-217\" src=\"http:\/\/abc-photoline.com\/com\/wp-content\/uploads\/2015\/01\/ccilot.png\" alt=\"ccilot\" width=\"203\" height=\"70\" \/>\u00a0\u00a0<img loading=\"lazy\" decoding=\"async\" class=\"alignnone wp-image-218\" src=\"http:\/\/abc-photoline.com\/com\/wp-content\/uploads\/2015\/01\/cg46.png\" alt=\"cg46\" width=\"117\" height=\"94\" \/>\u00a0\u00a0<img loading=\"lazy\" decoding=\"async\" class=\"alignnone wp-image-224\" src=\"http:\/\/abc-photoline.com\/com\/wp-content\/uploads\/2015\/01\/logo_carre_quadri-300x300.jpg\" alt=\"logo_carre_quadri\" width=\"86\" height=\"86\" srcset=\"https:\/\/abc-photoline.com\/com\/wp-content\/uploads\/2015\/01\/logo_carre_quadri-300x300.jpg 300w, https:\/\/abc-photoline.com\/com\/wp-content\/uploads\/2015\/01\/logo_carre_quadri-150x150.jpg 150w, https:\/\/abc-photoline.com\/com\/wp-content\/uploads\/2015\/01\/logo_carre_quadri.jpg 709w\" sizes=\"auto, (max-width: 86px) 100vw, 86px\" \/>\u00a0\u00a0<img loading=\"lazy\" decoding=\"async\" class=\"alignnone wp-image-219\" src=\"http:\/\/abc-photoline.com\/com\/wp-content\/uploads\/2015\/01\/figeac-communoter.jpg\" alt=\"logo Figeac Communaut\u00e9\" width=\"55\" height=\"92\" \/> <img loading=\"lazy\" decoding=\"async\" class=\"alignnone size-medium wp-image-220\" src=\"http:\/\/abc-photoline.com\/com\/wp-content\/uploads\/2015\/01\/FOUCHER-Logo5425-G-300x81.gif\" alt=\"FOUCHER-Logo5425-G\" width=\"300\" height=\"81\" \/>\u00a0 \u00a0\u00a0<img loading=\"lazy\" decoding=\"async\" class=\"alignnone size-medium wp-image-226\" src=\"http:\/\/abc-photoline.com\/com\/wp-content\/uploads\/2015\/01\/logohachettelivre.png\" alt=\"logohachettelivre\" width=\"159\" height=\"45\" \/>\u00a0 \u00a0<img loading=\"lazy\" decoding=\"async\" class=\"alignnone size-medium wp-image-222\" src=\"http:\/\/abc-photoline.com\/com\/wp-content\/uploads\/2015\/01\/logo-musee-champollion.gif\" alt=\"logo musee champollion\" width=\"292\" height=\"152\" \/><a href=\"http:\/\/www.france-sudouest.com\/fr\" target=\"_blank\" rel=\"noopener noreferrer\"><img loading=\"lazy\" decoding=\"async\" class=\"alignnone size-medium wp-image-814\" src=\"http:\/\/abc-photoline.com\/com\/wp-content\/uploads\/2015\/01\/Logo_les-vins-du-sud-ouest-recadre-300x187.jpg\" alt=\"\" width=\"300\" height=\"187\" srcset=\"https:\/\/abc-photoline.com\/com\/wp-content\/uploads\/2015\/01\/Logo_les-vins-du-sud-ouest-recadre-300x187.jpg 300w, https:\/\/abc-photoline.com\/com\/wp-content\/uploads\/2015\/01\/Logo_les-vins-du-sud-ouest-recadre.jpg 719w\" sizes=\"auto, (max-width: 300px) 100vw, 300px\" \/><\/a>\u00a0\u00a0 \u00a0 <img loading=\"lazy\" decoding=\"async\" class=\"alignnone size-medium wp-image-225\" src=\"http:\/\/abc-photoline.com\/com\/wp-content\/uploads\/2015\/01\/logo-figeac.png\" alt=\"logo-figeac\" width=\"136\" height=\"136\" \/>\u00a0 \u00a0\u00a0<img loading=\"lazy\" decoding=\"async\" class=\"alignnone wp-image-227\" src=\"http:\/\/abc-photoline.com\/com\/wp-content\/uploads\/2015\/01\/parc-regional-quercy-212x300.jpg\" alt=\"parc regional quercy\" width=\"94\" height=\"134\" srcset=\"https:\/\/abc-photoline.com\/com\/wp-content\/uploads\/2015\/01\/parc-regional-quercy-212x300.jpg 212w, https:\/\/abc-photoline.com\/com\/wp-content\/uploads\/2015\/01\/parc-regional-quercy.jpg 339w\" sizes=\"auto, (max-width: 94px) 100vw, 94px\" \/>\u00a0\u00a0<img loading=\"lazy\" decoding=\"async\" class=\"alignnone size-medium wp-image-221\" src=\"http:\/\/abc-photoline.com\/com\/wp-content\/uploads\/2015\/01\/gfd.jpg\" alt=\"gfd\" width=\"120\" height=\"68\" \/>\u00a0\u00a0<img loading=\"lazy\" decoding=\"async\" class=\"alignnone size-medium wp-image-228\" src=\"http:\/\/abc-photoline.com\/com\/wp-content\/uploads\/2015\/01\/TDF-300x88.jpg\" alt=\"TDF\" width=\"300\" height=\"88\" srcset=\"https:\/\/abc-photoline.com\/com\/wp-content\/uploads\/2015\/01\/TDF-300x88.jpg 300w, https:\/\/abc-photoline.com\/com\/wp-content\/uploads\/2015\/01\/TDF.jpg 448w\" sizes=\"auto, (max-width: 300px) 100vw, 300px\" \/> <img loading=\"lazy\" decoding=\"async\" class=\"alignnone wp-image-223\" src=\"http:\/\/abc-photoline.com\/com\/wp-content\/uploads\/2015\/01\/logo-pierre-blanche.jpg\" alt=\"logo pierre blanche\" width=\"123\" height=\"90\" \/>\u00a0 \u00a0<img loading=\"lazy\" decoding=\"async\" class=\"alignnone size-medium wp-image-229\" src=\"http:\/\/abc-photoline.com\/com\/wp-content\/uploads\/2015\/01\/vistal.png\" alt=\"vistal\" width=\"133\" height=\"89\" srcset=\"https:\/\/abc-photoline.com\/com\/wp-content\/uploads\/2015\/01\/vistal.png 133w, https:\/\/abc-photoline.com\/com\/wp-content\/uploads\/2015\/01\/vistal-120x80.png 120w\" sizes=\"auto, (max-width: 133px) 100vw, 133px\" \/>\u00a0 \u00a0<img loading=\"lazy\" decoding=\"async\" class=\"alignnone size-medium wp-image-230\" src=\"http:\/\/abc-photoline.com\/com\/wp-content\/uploads\/2015\/01\/vistaligne.png\" alt=\"vistaligne\" width=\"219\" height=\"45\" \/>\u00a0\u00a0<img loading=\"lazy\" decoding=\"async\" class=\"alignnone size-full wp-image-409\" src=\"http:\/\/abc-photoline.com\/com\/wp-content\/uploads\/2015\/01\/logo.jpg\" alt=\"logo\" width=\"186\" height=\"191\" \/><img loading=\"lazy\" decoding=\"async\" class=\"alignnone wp-image-677\" src=\"http:\/\/abc-photoline.com\/com\/wp-content\/uploads\/2015\/01\/brand-300x300.jpg\" alt=\"brand\" width=\"162\" height=\"162\" srcset=\"https:\/\/abc-photoline.com\/com\/wp-content\/uploads\/2015\/01\/brand-300x300.jpg 300w, https:\/\/abc-photoline.com\/com\/wp-content\/uploads\/2015\/01\/brand-150x150.jpg 150w, https:\/\/abc-photoline.com\/com\/wp-content\/uploads\/2015\/01\/brand-750x750.jpg 750w, https:\/\/abc-photoline.com\/com\/wp-content\/uploads\/2015\/01\/brand.jpg 960w\" sizes=\"auto, (max-width: 162px) 100vw, 162px\" \/><\/p>\n<p><a href=\"http:\/\/www.rte-france.com\/\" target=\"_blank\" rel=\"noopener noreferrer\">RTE &#8211; Gestionnaire du R\u00e9seau de Transport d&rsquo;Electricit\u00a0<\/a><\/p>\n<p><a href=\"http:\/\/www.france-sudouest.com\/fr\" target=\"_blank\" rel=\"noopener noreferrer\">interprofession des Vins du Sud-Ouest<\/a><\/p>\n<p>Agence LEXIES (31)<\/p>\n<p><a href=\"http:\/\/www.parc-causses-du-quercy.fr\/\" target=\"_blank\" rel=\"noopener noreferrer\">Parc naturel r\u00e9gional des Causses du Quercy<\/a><a href=\"http:\/\/www.parc-causses-du-quercy.fr\/\" target=\"_blank\" rel=\"noopener noreferrer\">\u00a0(46)<\/a><\/p>\n<p>Festival du Chainon Manquant Figeac (46)<\/p>\n<p>Festival Th\u00e9atre de FIGEAC (46)<\/p>\n<p><a href=\"http:\/\/www.midipyrenees.fr\/\" target=\"_blank\" rel=\"noopener noreferrer\">R\u00e9gion Midi-Pyr\u00e9nn\u00e9es<\/a><\/p>\n<p><a href=\"http:\/\/www.culture-figeac-cajarc.com\/\" target=\"_blank\" rel=\"noopener noreferrer\">Services culturels de Figeac-Communaut\u00e9 (46)<\/a><\/p>\n<p><a href=\"http:\/\/www.treteauxdefrance.com\/\" target=\"_blank\" rel=\"noopener noreferrer\">Les Tr\u00e9teaux de France, Centre dramatique national<\/a><\/p>\n<p>Centre Vistal (75)<\/p>\n<p>VistaLigne (31)<\/p>\n<p><a href=\"http:\/\/www.decatalogues.com\/\" target=\"_blank\" rel=\"noopener noreferrer\">Cie Les D\u00e9catalogu\u00e9s<\/a><\/p>\n<p><a href=\"http:\/\/www.editions-foucher.fr\/\" target=\"_blank\" rel=\"noopener noreferrer\">Editions Foucher<\/a><\/p>\n<p><a href=\"http:\/\/www.icimeme.info\/\" target=\"_blank\" rel=\"noopener noreferrer\">Ici-M\u00eame (Paris)\u00a0<\/a><\/p>\n<p><a href=\"http:\/\/www.musee-champollion.fr\/\" target=\"_blank\" rel=\"noopener noreferrer\">Le Mus\u00e9e Champollion\u00a0<\/a><\/p>\n<p><a href=\"http:\/\/www.pays-figeac.fr\/\" target=\"_blank\" rel=\"noopener noreferrer\">Pays de Figeac<\/a><\/p>\n<p><a href=\"http:\/\/www.lot.fr\/\" target=\"_blank\" rel=\"noopener noreferrer\">Conseil G\u00e9n\u00e9ral du LOT<\/a><\/p>\n<p><a href=\"http:\/\/www.lot.cci.fr\/accueil.php\" target=\"_blank\" rel=\"noopener noreferrer\">CHAMBRE DE COMMERCE ET D&rsquo;INDUSTRIE DU LOT<\/a><\/p>\n<p>Agence Pierre Blanche (64)<\/p>\n<p>Club Porsche (Espagne, France)<\/p>\n<p>Le rendez-vous des Etoiles le Pic de Midi (65)<\/p>\n<p>Audi (64)<\/p>\n<p>Marche des Vivants (Pologne)<\/p>\n<p>Reportage au S\u00e9n\u00e9gal<\/p>\n<p>Reportage en Gr\u00e9ce<\/p>\n<p>Agence Pur Jus (64)<\/p>\n<p><a href=\"http:\/\/sassonne.com\/\" target=\"_blank\" rel=\"noopener noreferrer\">SASSONNE<\/a><\/p>\n<p><a href=\"http:\/\/www.phenomene-cie.fr\/\" target=\"_blank\" rel=\"noopener noreferrer\">Phenomene &amp; Compagnie\u00a0<\/a><\/p>\n<p><a href=\"http:\/\/www.lacapelle-animation.fr\/\" target=\"_blank\" rel=\"noopener noreferrer\">Lacapelle Animation<\/a><\/p>\n<p><a href=\"http:\/\/www.ciesamuelmathieu.com\/\" target=\"_blank\" rel=\"noopener noreferrer\">Cie Samuel Mathieu<\/a><\/p>\n<p><a href=\"http:\/\/www.cie-yannlheureux.com\/\" target=\"_blank\" rel=\"noopener noreferrer\">Cie Yanne L&rsquo;Heureux<\/a><\/p>\n<p><a href=\"http:\/\/www.hachette.com\/\" target=\"_blank\" rel=\"noopener noreferrer\">Hachette Livre<\/a><\/p>\n<p><a href=\"http:\/\/www.glutenfreedistrib.fr\/\" target=\"_blank\" rel=\"noopener noreferrer\">Gluten Free Distrub\u00a0<\/a><\/p>\n<p><a title=\"http:\/\/www.lespiedsbleus.com\/accueil.html\" href=\"http:\/\/www.lespiedsbleus.com\/accueil.html\" target=\"_blank\" rel=\"noopener noreferrer\">Cie Les Pieds Bleu<\/a><\/p>\n<p><a title=\"http:\/\/www.balsamique-theatre.com\/index.htm\" href=\"http:\/\/www.balsamique-theatre.com\/index.htm\" target=\"_blank\" rel=\"noopener noreferrer\">Cie Balsamique\u00a0th\u00e9\u00e2tre<\/a><\/p>\n<p><a title=\"http:\/\/sev-enseigne.pagesperso-orange.fr\/index.html\" href=\"http:\/\/sev-enseigne.pagesperso-orange.fr\/index.html\" target=\"_blank\" rel=\"noopener noreferrer\">SEV Enseignes<\/a><\/p>\n<p><a href=\"http:\/\/lamaisondusansgluten.net\" target=\"_blank\" rel=\"noopener noreferrer\">La Maison du Sans Gluten (Paris)<\/a><\/p>\n<p>Studio Scopitone (Paris)<\/p>\n","protected":false},"excerpt":{"rendered":"<p>\u00a0\u00a0\u00a0\u00a0\u00a0\u00a0 \u00a0 \u00a0\u00a0\u00a0 \u00a0\u00a0\u00a0 \u00a0 \u00a0 \u00a0\u00a0\u00a0\u00a0\u00a0\u00a0 \u00a0 \u00a0\u00a0 \u00a0\u00a0\u00a0 RTE &#8211; Gestionnaire du R\u00e9seau de Transport d&rsquo;Electricit\u00a0 interprofession des Vins du Sud-Ouest Agence LEXIES (31) Parc naturel r\u00e9gional des [&hellip;]<\/p>\n","protected":false},"author":1,"featured_media":0,"parent":0,"menu_order":0,"comment_status":"closed","ping_status":"closed","template":"","meta":{"footnotes":""},"class_list":["post-18","page","type-page","status-publish","hentry"],"publishpress_future_action":{"enabled":false,"date":"2026-05-05 10:20:50","action":"draft","terms":[],"taxonomy":""},"_links":{"self":[{"href":"https:\/\/abc-photoline.com\/com\/wp-json\/wp\/v2\/pages\/18","targetHints":{"allow":["GET"]}}],"collection":[{"href":"https:\/\/abc-photoline.com\/com\/wp-json\/wp\/v2\/pages"}],"about":[{"href":"https:\/\/abc-photoline.com\/com\/wp-json\/wp\/v2\/types\/page"}],"author":[{"embeddable":true,"href":"https:\/\/abc-photoline.com\/com\/wp-json\/wp\/v2\/users\/1"}],"replies":[{"embeddable":true,"href":"https:\/\/abc-photoline.com\/com\/wp-json\/wp\/v2\/comments?post=18"}],"version-history":[{"count":17,"href":"https:\/\/abc-photoline.com\/com\/wp-json\/wp\/v2\/pages\/18\/revisions"}],"predecessor-version":[{"id":1101,"href":"https:\/\/abc-photoline.com\/com\/wp-json\/wp\/v2\/pages\/18\/revisions\/1101"}],"wp:attachment":[{"href":"https:\/\/abc-photoline.com\/com\/wp-json\/wp\/v2\/media?parent=18"}],"curies":[{"name":"wp","href":"https:\/\/api.w.org\/{rel}","templated":true}]}}